{"version":"1.0","provider_name":"N\u0151nek lenni","provider_url":"https:\/\/meastyleworld.cafeblog.hu","author_name":"Mea","author_url":"https:\/\/meastyleworld.cafeblog.hu\/author\/stadinger-timeafreemail-hu\/","title":"H\u00e9tk\u00f6znapi elegancia","html":"<blockquote>\r\n<p><strong>H\u00e9tk\u00f6znapi elegancia<\/strong><\/p>\r\n<p><strong>Ma a divat sok mindent megenged sz\u00e1munkra. Nagy ter\u00fcleten tudunk mozogni, mikor az \u00f6lt\u00f6z\u00e9k\u00fcnk \u00f6ssze\u00e1ll\u00edt\u00e1s\u00e1t tervezz\u00fck.\u00a0<\/strong><\/p>\r\n<\/blockquote>\r\n<p>&nbsp;<\/p>\r\n<p>Amikor bekapcsolod a telev\u00edzi\u00f3t, n\u00e9zegeted a divatlapokat, azon t\u0171n\u0151dsz, mit vegyek fel? Mi \u00e1llna a legjobban? Mivel nem szeretn\u00e9l kil\u00f3gni a sorb\u00f3l, esetleg a munkahelyeden sem leszel n\u00e9pszer\u0171 a t\u00f6bb \u00e9ve v\u00e1s\u00e1rolt ruh\u00e1dban, elm\u00e9sz v\u00e1s\u00e1rolni...<\/p>\r\n<p>&nbsp;<\/p>\r\n<p>Arra semmik\u00e9pp nem biztatn\u00e1lak, hogy az els\u0151 utadba es\u0151 boltban felv\u00e1s\u00e1rold az \u00f6sszes divatosnak t\u0171n\u0151 darabot. Mi\u00e9rt is? Mert nem biztos, hogy ami m\u00e1sokon tetszik, az rajtad is ugyan\u00fagy fog \u00e1llni, ez\u00e1ltal nem garancia, hogy azt a hat\u00e1st \u00e9red el, amit szeretn\u00e9l.<\/p>\r\n<p>\ud83d\udc5a\ud83d\udc60\ud83d\udc84\u2764<\/p>\r\n<p>Enn\u00e9l sokkal ink\u00e1bb javaslom, hogy el\u0151sz\u00f6r \u00fclj le, n\u00e9z k\u00f6rbe a szekr\u00e9nyedben, s n\u00e9zd meg, mely darabokat tudod j\u00f3l kihaszn\u00e1lni.<\/p>\r\n<p>Az id\u0151tlen st\u00edlus\u00fa ruhat\u00e1r kialak\u00edt\u00e1sa sokkal c\u00e9lszer\u0171bb, mert ehhez csak n\u00e9mi kieg\u00e9sz\u00edt\u0151, egy-k\u00e9t ujjabb darab sz\u00fcks\u00e9ges, s m\u00e1ris szuper csinosan, st\u00edlusosan, \u00e9s divatosan tudsz otthonr\u00f3l kil\u00e9pni.<\/p>\r\n<p>Egy kis id\u0151 r\u00e1ford\u00edt\u00e1ssal (smink, frizura) pedig teljesen t\u00f6k\u00e9letes lesz a megjelen\u00e9sed, a napi outfit.\u00a0<\/p>\r\n<p>Eleinte a reggeli rohan\u00e1sban kiss\u00e9 neh\u00e9z bevezetni, f\u0151leg ha viszed a gyerk\u0151c\u00f6ket suliba, oviba. De meg\u00e9ri r\u00e1sz\u00e1nnod egy kis id\u0151t, energi\u00e1t.<\/p>\r\n<p>R\u00f6vid id\u0151n bel\u00fcl megt\u00e9r\u00fcl. Hisz nem kell az eg\u00e9sz ruhat\u00e1rad lecser\u00e9lni ahhoz, hogy mutat\u00f3s, csinos, \u00e1polt k\u00fcls\u0151d legyen.<\/p>\r\n<p><strong>Azok a b\u00f3kok amiket kapni fogsz, igazolni fogj\u00e1k, hogy j\u00f3l d\u00f6nt\u00f6tt\u00e9l.<\/strong><\/p>\r\n<p>S\u0151t, \u00e9szre fogj\u00e1k venni rajtad azt a szuper csinos bl\u00fazt is pl, amit p\u00e1r \u00e9vvel ezel\u0151tt vett\u00e9l, s m\u00e1r majdnem kidobt\u00e1l.\u00a0<\/p>\r\n<p>L\u00e9gy Te az inspir\u00e1l\u00f3 szem\u00e9ly, aki p\u00e9ld\u00e1t mutat arra, hogy legy\u00fcnk mindennap st\u00edlusosak, eleg\u00e1nsak. Mert nem az a c\u00e9l, hogy \"m\u00e1sok\" legy\u00fcnk, hanem hogy kihozzuk magunkb\u00f3l azt, amit\u0151l egy\u00e9niek, egy\u00e9nis\u00e9gek vagyunk!<\/p>\r\n<p>&nbsp;<\/p>\r\n<p>Sok Sikert \u00e9s kitart\u00e1st k\u00edv\u00e1nok ehhez az utaz\u00e1shoz!\u00a0<\/p>\r\n<p>Ha n\u00e9mi \u00f6tletre van sz\u00fcks\u00e9ged az elindul\u00e1shoz, n\u00e9zd meg a @style_mea_\u00a0 oldalam az Instagramon\u263a.\u00a0<\/p>\r\n<blockquote>\r\n<p><a href=\"https:\/\/meastyleworld.cafeblog.hu\/2019\/01\/22\/hetkoznapi-elegancia\/img_20190117_074146\/\" rel=\"attachment wp-att-72\"><img class=\"alignleft size-medium wp-image-72\" src=\"https:\/\/meastyleworld.cafeblog.hu\/files\/2019\/01\/IMG_20190117_074146-226x300.jpg\" alt=\"\" width=\"226\" height=\"300\" \/><\/a><\/p>\r\n<\/blockquote>","type":"rich"}